{"id":5792,"date":"2018-02-26T09:50:55","date_gmt":"2018-02-26T08:50:55","guid":{"rendered":"https:\/\/hotel-kgm.cz\/?page_id=5792"},"modified":"2025-11-14T18:44:37","modified_gmt":"2025-11-14T17:44:37","slug":"vanoce-de","status":"publish","type":"page","link":"https:\/\/hotel-kgm.cz\/de\/ostatni-de\/vanoce-de\/","title":{"rendered":"Unvergessliche Weihnachten und Silvester"},"content":{"rendered":"<div class=\"wpb-content-wrapper\">[vc_row full_width=&#8220;stretch_row&#8220; equal_height=&#8220;yes&#8220; overlay_color=&#8220;rgba(0,0,0,0.01)&#8220; css=&#8220;.vc_custom_1727700454998{padding-bottom: 30px !important;background-image: url(https:\/\/hotel-kgm.cz\/wp-content\/uploads\/gobelin3.jpg?id=3653) !important;}&#8220;][vc_column][vc_row_inner content_placement=&#8220;middle&#8220;][vc_column_inner width=&#8220;5\/6&#8243; offset=&#8220;vc_hidden-sm vc_hidden-xs&#8220;][vc_column_text css=&#8220;&#8220;]\n<h1><span style=\"font-size: 60px;\"><em>Unvergessliche Weihnachten<br \/>\nund Silvester<\/em><\/span><\/h1>\n[\/vc_column_text][vc_column_text]\n<h2><span style=\"color: #ac8b51;\">KARLSBAD GRANDE MADONNA <em>&amp;<\/em><\/span><br \/>\n<span style=\"color: #ac8b51;\">FESTIVAL Apartments<\/span><\/h2>\n[\/vc_column_text][\/vc_column_inner][vc_column_inner width=&#8220;1\/6&#8243; offset=&#8220;vc_hidden-sm vc_hidden-xs&#8220;][vc_column_text]\n<h1><img decoding=\"async\" class=\"size-full wp-image-2507 aligncenter\" src=\"https:\/\/hotel-kgm.cz\/wp-content\/uploads\/andel_maly7.png\" alt=\"\" width=\"180\" height=\"261\" \/><\/h1>\n[\/vc_column_text][\/vc_column_inner][\/vc_row_inner][\/vc_column][\/vc_row][vc_row full_width=&#8220;stretch_row&#8220; equal_height=&#8220;yes&#8220; overlay_color=&#8220;rgba(0,0,0,0.01)&#8220; css=&#8220;.vc_custom_1720897652450{padding-bottom: 30px !important;background-image: url(https:\/\/hotel-kgm.cz\/wp-content\/uploads\/gobelin3.jpg?id=3653) !important;}&#8220;][vc_column offset=&#8220;vc_hidden-lg vc_hidden-md&#8220;][vc_row_inner content_placement=&#8220;middle&#8220;][vc_column_inner width=&#8220;5\/6&#8243;][vc_column_text css=&#8220;&#8220;]\n<h2>Unvergessliche Weihnachten und Silvester<\/h2>\n[\/vc_column_text][\/vc_column_inner][vc_column_inner width=&#8220;1\/6&#8243;][\/vc_column_inner][\/vc_row_inner][\/vc_column][\/vc_row][vc_row full_width=&#8220;stretch_row_content_no_spaces&#8220; gap=&#8220;yes&#8220; equal_height=&#8220;yes&#8220; parallax=&#8220;content-moving&#8220; parallax_image=&#8220;8802&#8243; overlay_color=&#8220;rgba(0,0,0,0.01)&#8220; css=&#8220;.vc_custom_1528550232344{margin-top: 0px !important;margin-bottom: 0px !important;padding-top: 150px !important;padding-bottom: 150px !important;}&#8220; el_class=&#8220;reset-padding&#8220;][vc_column css=&#8220;.vc_custom_1522917411122{background-position: center !important;background-repeat: no-repeat !important;background-size: cover !important;}&#8220;][vc_row_inner][vc_column_inner offset=&#8220;vc_hidden-lg vc_hidden-md&#8220;][vc_single_image image=&#8220;8049&#8243; img_size=&#8220;large&#8220; el_class=&#8220;hide-for-large&#8220;][\/vc_column_inner][\/vc_row_inner][vc_empty_space height=&#8220;130px&#8220; height2=&#8220;0&#8243;][\/vc_column][\/vc_row][vc_row overlay_color=&#8220;rgba(0,0,0,0.01)&#8220; css=&#8220;.vc_custom_1736163046145{padding-top: 20px !important;}&#8220;][vc_column][vc_empty_space][vc_gallery type=&#8220;image_grid&#8220; images=&#8220;36661,36625,36653,36645,36637,36649&#8243; img_size=&#8220;198&#215;180&#8243; onclick=&#8220;img_link_large&#8220; css=&#8220;&#8220;][vc_row_inner][vc_column_inner width=&#8220;1\/2&#8243;][vc_video link=&#8220;https:\/\/youtu.be\/V4_QUbqxcIw&#8220; align=&#8220;center&#8220; css=&#8220;&#8220;][\/vc_column_inner][vc_column_inner width=&#8220;1\/2&#8243;][vc_video link=&#8220;https:\/\/youtu.be\/vH44jWZoJEs&#8220; align=&#8220;center&#8220; css=&#8220;&#8220;][\/vc_column_inner][\/vc_row_inner][vc_empty_space height=&#8220;22px&#8220;][vc_btn title=&#8220;SCHAUEN SIE SICH DIE SILVESTERFOTOS AUS VORANGEGANGENEN JAHREN AN&#8220; shape=&#8220;square&#8220; color=&#8220;chino&#8220; size=&#8220;lg&#8220; align=&#8220;center&#8220; link=&#8220;url:https%3A%2F%2Fhotel-kgm.cz%2Fde%2Fostatni-de%2Fvanoce-de%2Fnovorocni-galerie-de%2F|title:Pokoje&#8220;][vc_zigzag][\/vc_column][\/vc_row][vc_row disable_element=&#8220;yes&#8220; overlay_color=&#8220;rgba(0,0,0,0.01)&#8220; css=&#8220;.vc_custom_1736162615820{padding-top: 20px !important;}&#8220;][vc_column][vc_gallery type=&#8220;image_grid&#8220; images=&#8220;3525,3528,3526,4567,3529,3530&#8243; img_size=&#8220;194&#215;180&#8243; onclick=&#8220;img_link_large&#8220;][\/vc_column][\/vc_row][vc_row full_width=&#8220;stretch_row&#8220; equal_height=&#8220;yes&#8220; content_placement=&#8220;top&#8220; overlay_color=&#8220;rgba(0,0,0,0.01)&#8220; css=&#8220;.vc_custom_1731674549657{padding-top: 10px !important;padding-bottom: 70px !important;}&#8220;][vc_column el_id=&#8220;poukaz_vanoce&#8220;][vc_column_text css=&#8220;&#8220;]\n<h3 style=\"text-align: center;\">GESCHENKGUTSCHEIN<\/h3>\n[\/vc_column_text][mvc_advanced_button align=&#8220;center&#8220; btn_text=&#8220;ONLINE BESTELLEN&#8220; btn_block=&#8220;btn_block&#8220; btn_size=&#8220;22&#8243; icon_size=&#8220;20&#8243; google_fonts=&#8220;font_family:Merriweather%20Sans%3A300%2C300italic%2Cregular%2Citalic%2C700%2C700italic%2C800%2C800italic|font_style:700%20bold%20regular%3A700%3Anormal&#8220; btn_icon=&#8220;fas fa-gift&#8220; btn_url=&#8220;url:%23formular&#8220; btn_clr=&#8220;#ffffff&#8220; btn_bg=&#8220;#ac8b51&#8243; btn_hvrclr=&#8220;#ffffff&#8220; btn_hvrbg=&#8220;#714d1f&#8220;][vc_empty_space height=&#8220;12px&#8220;][\/vc_column][\/vc_row][vc_row disable_element=&#8220;yes&#8220; overlay_color=&#8220;rgba(0,0,0,0.01)&#8220;][vc_column][vc_column_text css=&#8220;&#8220;]\n<h3 style=\"text-align: center;\"><span style=\"color: #c00000;\">BEIM FR\u00dcH-KAUF &#8211; SONDERRABATT!<\/span><\/h3>\n<p style=\"text-align: center;\"><span style=\"color: #800000; font-size: 18pt;\">Early booking \u2013 Rabbat 10&nbsp;%<\/span><br \/>\n<span style=\"font-size: 18pt;\">Bei Bezahlung eines Aufenthaltes von min. 60 Tage vor Anreise<\/span><\/p>\n[\/vc_column_text][vc_empty_space][\/vc_column][\/vc_row][vc_row full_width=&#8220;stretch_row&#8220; equal_height=&#8220;yes&#8220; overlay_color=&#8220;rgba(0,0,0,0.01)&#8220; css=&#8220;.vc_custom_1763031092100{padding-top: 20px !important;padding-bottom: 30px !important;}&#8220;][vc_column][vc_row_inner content_placement=&#8220;middle&#8220;][vc_column_inner width=&#8220;3\/4&#8243;][vc_column_text css=&#8220;&#8220;]<strong><span style=\"color: #ac8b51;\">KARLSBAD GRANDE MADONNA <em>&amp;<\/em> FESTIVAL Apartments \u2013 KARLOVY VARY<\/span><\/strong><\/p>\n<h2><span style=\"font-size: 36pt;\">Weihnachts-Aufenthalte 2025<\/span><\/h2>\n[\/vc_column_text][\/vc_column_inner][vc_column_inner width=&#8220;1\/4&#8243; css=&#8220;.vc_custom_1727702212109{padding-top: 74px !important;}&#8220;][vc_column_text]<img decoding=\"async\" class=\"wp-image-10069 size-medium aligncenter\" src=\"https:\/\/hotel-kgm.cz\/wp-content\/uploads\/s_andelskou_peci_pruhledne_de-300x58.png\" alt=\" motto S And\u011blskou p\u00e9\u010d\u00ed DE\" width=\"300\" height=\"58\" srcset=\"https:\/\/hotel-kgm.cz\/wp-content\/uploads\/s_andelskou_peci_pruhledne_de-300x58.png 300w, https:\/\/hotel-kgm.cz\/wp-content\/uploads\/s_andelskou_peci_pruhledne_de-680x133.png 680w, https:\/\/hotel-kgm.cz\/wp-content\/uploads\/s_andelskou_peci_pruhledne_de.png 683w\" sizes=\"(max-width: 300px) 100vw, 300px\" \/>[\/vc_column_text][\/vc_column_inner][\/vc_row_inner][vc_separator color=&#8220;chino&#8220; align=&#8220;align_left&#8220; border_width=&#8220;2&#8243;][\/vc_column][\/vc_row][vc_row][vc_column][vc_empty_space height=&#8220;22px&#8220;][\/vc_column][\/vc_row][vc_row overlay_color=&#8220;rgba(0,0,0,0.01)&#8220;][vc_column][vc_column_text css=&#8220;&#8220;]\n<h2><span style=\"color: #c00000;\">Weihnachtspaket 3 N\u00e4chte<\/span><\/h2>\n<p><em><span style=\"font-size: 14pt;\">Erleben Sie Weihnachten voller Ruhe, warmer D\u00fcfte und Entspannung. Genie\u00dfen Sie die zauberhafte Atmosph\u00e4re von Karlsbad, kosten Sie unsere festliche Gastronomie und lassen Sie sich von himmlischer F\u00fcrsorge verw\u00f6hnen.<\/span><\/em><\/p>\n[\/vc_column_text][vc_row_inner][vc_column_inner width=&#8220;2\/3&#8243;][vc_column_text css=&#8220;&#8220;]\n<h3>3 N\u00e4chte \/ 4 Tage<\/h3>\n<p><em>Anreise der G\u00e4ste nach Ihrer Wahl: ab 22.12.2025.<\/em><\/p>\n<h3 class=\"toggle-title\">AUFENTHALT INKLUSIVE:<\/h3>\n<div class=\"su-list\" style=\"margin-left:0px\">\n<ul>\n<li><i class=\"sui sui-circle\" style=\"color:#AC8B51\"><\/i> <span style=\"text-decoration: underline;\"><strong><a href=\"https:\/\/hotel-kgm.cz\/de\/pokoje-de\/\" target=\"_blank\" rel=\"noopener\">Unterkunft<\/a><\/strong><\/span> + <strong><span style=\"text-decoration: underline;\"><a href=\"https:\/\/hotel-kgm.cz\/de\/restaurace-de\/grand-restaurant-de\/\" target=\"_blank\" rel=\"noopener\">Halbpension<\/a><\/span><\/strong> (HB) beinhaltet Fr\u00fchst\u00fcck und je nach Wahl des Gastes Mittag- oder Abendessen. Alles wird in Form eines warmen und kalten Buffets serviert.<\/li>\n<li><i class=\"sui sui-circle\" style=\"color:#AC8B51\"><\/i> Die Verpflegung umfasst auch Di\u00e4t- und vegetarische Kost<\/li>\n<li><i class=\"sui sui-circle\" style=\"color:#AC8B51\"><\/i> 1x Heiligabend-Abendessen<\/li>\n<li><i class=\"sui sui-circle\" style=\"color:#AC8B51\"><\/i> 3 Behandlungen gem\u00e4\u00df untenstehender Vorschrift:<br \/>\n&#8211; 1x Hydroxer<br \/>\n&#8211; 1x Teilmassage<br \/>\n&#8211; 1x Paraffin-Handwickel<\/li>\n<li><i class=\"sui sui-circle\" style=\"color:#AC8B51\"><\/i> Kostenlose Nutzung der Sauna (trocken, Dampf, Infrarot), Whirlpool und Fitnessger\u00e4te<\/li>\n<li><i class=\"sui sui-circle\" style=\"color:#AC8B51\"><\/i> Bademantel, Hausschuhe und Regenschirm sind im Zimmer vorhanden<\/li>\n<\/ul>\n<\/div>[\/vc_column_text][\/vc_column_inner][vc_column_inner width=&#8220;1\/3&#8243; css=&#8220;.vc_custom_1522138238838{padding-right: 60px !important;}&#8220;][vc_single_image image=&#8220;40425&#8243; img_size=&#8220;full&#8220; css=&#8220;.vc_custom_1763056644453{margin-top: 20px !important;}&#8220;][\/vc_column_inner][\/vc_row_inner][\/vc_column][\/vc_row][vc_row][vc_column][vc_column_text css=&#8220;&#8220;]\n<table style=\"border-collapse: collapse; width: 100%; height: 168px;\">\n<tbody>\n<tr style=\"height: 24px;\">\n<td style=\"width: 26.2157%; height: 24px; text-align: center;\"><strong>PREISLISTE <em>(Preise sind in EUR, pro 1 Person f\u00fcr den ganzen Aufenthalt)<\/em><br \/>\n<\/strong><em>Anreise der G\u00e4ste nach Ihrer Wahl: ab 22.12.2025.<\/em><\/td>\n<td style=\"width: 1.70547%; text-align: center; height: 24px;\"><\/td>\n<\/tr>\n<tr style=\"height: 24px;\">\n<td style=\"width: 26.2157%; height: 24px;\"><strong>Einzelzimmer<\/strong><\/td>\n<td style=\"width: 1.70547%; text-align: center; height: 24px;\"><strong>387,-<\/strong><\/td>\n<\/tr>\n<tr style=\"height: 24px;\">\n<td style=\"width: 26.2157%; height: 24px;\"><strong>Zweibettzimmer<\/strong><\/td>\n<td style=\"width: 1.70547%; text-align: center; height: 24px;\"><strong>309,-<\/strong><\/td>\n<\/tr>\n<tr style=\"height: 24px;\">\n<td style=\"width: 26.2157%; height: 24px;\"><strong>Dreibettzimmer<\/strong><\/td>\n<td style=\"width: 1.70547%; text-align: center; height: 24px;\"><strong>309,-<\/strong><\/td>\n<\/tr>\n<tr style=\"height: 24px;\">\n<td style=\"width: 26.2157%; height: 24px;\"><strong>Suite<\/strong> (min. 2 Personen)<\/td>\n<td style=\"width: 1.70547%; text-align: center; height: 24px;\"><strong>387,-<\/strong><\/td>\n<\/tr>\n<tr style=\"height: 24px;\">\n<td style=\"width: 26.2157%; height: 24px;\"><strong>Suite mit Erkerfenster<\/strong> (min. 2 Personen)<\/td>\n<td style=\"width: 1.70547%; text-align: center; height: 24px;\"><strong>401,-<\/strong><\/td>\n<\/tr>\n<tr style=\"height: 24px;\">\n<td style=\"width: 26.2157%; height: 24px;\"><strong>FESTIVAL Wohnung<\/strong> (min. 2 Personen)<\/td>\n<td style=\"width: 1.70547%; text-align: center; height: 24px;\"><strong>309,-<\/strong><\/td>\n<\/tr>\n<\/tbody>\n<\/table>\n[\/vc_column_text][vc_column_text css=&#8220;&#8220;]\n<ul>\n<li>Aufenthaltsgeb\u00fchr: ca. 2,- EUR \/ Person \/ Nacht \u2013 Zahlung bei der Ankunft an der Rezeption des Hotels<\/li>\n<li>Zuschlag f\u00fcr Vollpension: 25,- EUR \/ Person \/ Nacht<\/li>\n<\/ul>\n[\/vc_column_text][\/vc_column][\/vc_row][vc_row disable_element=&#8220;yes&#8220; overlay_color=&#8220;rgba(0,0,0,0.01)&#8220;][vc_column][vc_column_text]\n<p style=\"text-align: center;\"><strong>Zv\u00fdhodn\u011bn\u00fd pobyt <\/strong><strong>pro rodiny s\u00a0d\u011btmi<br \/>\n<\/strong>(2 dosp\u011bl\u00ed + 2 d\u011bti do 12 let)<\/p>\n[\/vc_column_text][vc_column_text]\n<table style=\"border-collapse: collapse; width: 100%; height: 168px;\">\n<tbody>\n<tr style=\"height: 24px;\">\n<td style=\"width: 34.6103%; height: 24px; text-align: center;\"><strong>CEN\u00cdK (<em>Ceny jsou uvedeny v&nbsp;K\u010d, za 1 osobu na cel\u00fd pobyt<\/em>)<br \/>\n<\/strong><\/td>\n<td style=\"width: 13.1491%; text-align: center; height: 24px;\">Pro obdob\u00ed 22-27.12.2021<\/td>\n<\/tr>\n<tr style=\"height: 24px;\">\n<td style=\"width: 34.6103%; height: 24px;\"><strong>Suite<\/strong><strong><br \/>\n<\/strong><\/td>\n<td style=\"width: 13.1491%; text-align: center; height: 24px;\"><strong>20.090,-<\/strong><\/td>\n<\/tr>\n<tr style=\"height: 24px;\">\n<td style=\"width: 34.6103%; height: 24px;\"><strong>Suite s&nbsp;ark\u00fd\u0159em<\/strong><strong><br \/>\n<\/strong><\/td>\n<td style=\"width: 13.1491%; text-align: center; height: 24px;\"><strong>20.690,-<\/strong><\/td>\n<\/tr>\n<tr style=\"height: 24px;\">\n<td style=\"width: 34.6103%; height: 24px;\"><strong>Apartment Festival<\/strong><\/td>\n<td style=\"width: 13.1491%; text-align: center; height: 24px;\"><strong>19.190,-<\/strong><\/td>\n<\/tr>\n<\/tbody>\n<\/table>\n[\/vc_column_text][\/vc_column][\/vc_row][vc_row][vc_column width=&#8220;1\/3&#8243; el_id=&#8220;vanocnibalicek3noci&#8220;][vc_btn title=&#8220;ANFRAGE FORMULAR&#8220; shape=&#8220;square&#8220; color=&#8220;chino&#8220; size=&#8220;lg&#8220; align=&#8220;center&#8220; css=&#8220;&#8220; button_block=&#8220;true&#8220; link=&#8220;url:https%3A%2F%2Fhotel-kgm.cz%2Fde%2Frezervace-vanoce-de%2F|title:Pokoje&#8220;][\/vc_column][vc_column width=&#8220;1\/3&#8243;][vc_btn title=&#8220;MEHR INFORMATIONEN&#8220; shape=&#8220;square&#8220; color=&#8220;chino&#8220; size=&#8220;lg&#8220; align=&#8220;center&#8220; button_block=&#8220;true&#8220; link=&#8220;url:https%3A%2F%2Fhotel-kgm.cz%2Fwp-content%2Fuploads%2FKGMcenik-2020_DE.pdf|title:Pokoje|target:_blank&#8220;][\/vc_column][vc_column width=&#8220;1\/3&#8243;][vc_btn title=&#8220;KONTAKT ZUM BETREIBER&#8220; shape=&#8220;square&#8220; color=&#8220;chino&#8220; size=&#8220;lg&#8220; align=&#8220;center&#8220; button_block=&#8220;true&#8220; link=&#8220;url:https%3A%2F%2Fhotel-kgm.cz%2Fde%2Fkontakt-de%2F%23obchodni_oddeleni|title:Pokoje&#8220;][\/vc_column][\/vc_row][vc_row][vc_column][vc_empty_space height=&#8220;22px&#8220;][\/vc_column][\/vc_row][vc_row][vc_column][vc_raw_html]JTNDYSUyMGlkJTNEJTIycHJvZ3JhbTIlMjIlM0UlM0MlMkZhJTNF[\/vc_raw_html][vc_separator][\/vc_column][\/vc_row][vc_row full_width=&#8220;stretch_row&#8220; equal_height=&#8220;yes&#8220; disable_element=&#8220;yes&#8220; overlay_color=&#8220;rgba(0,0,0,0.01)&#8220; css=&#8220;.vc_custom_1763030488950{padding-top: 20px !important;padding-bottom: 30px !important;}&#8220;][vc_column][vc_row_inner content_placement=&#8220;middle&#8220;][vc_column_inner width=&#8220;3\/4&#8243;][vc_column_text css=&#8220;&#8220;]<strong><span style=\"color: #ac8b51;\">KARLSBAD GRANDE MADONNA <em>&amp;<\/em> FESTIVAL Apartments \u2013 KARLOVY VARY<\/span><\/strong><\/p>\n<h2><span style=\"font-size: 36pt;\">Silvester Aufenthalt 2025 &#8211; 2026<\/span><\/h2>\n[\/vc_column_text][\/vc_column_inner][vc_column_inner width=&#8220;1\/4&#8243; css=&#8220;.vc_custom_1727702221700{padding-top: 74px !important;}&#8220;][vc_column_text]<img decoding=\"async\" class=\"wp-image-10069 size-medium aligncenter\" src=\"https:\/\/hotel-kgm.cz\/wp-content\/uploads\/s_andelskou_peci_pruhledne_de-300x58.png\" alt=\" motto S And\u011blskou p\u00e9\u010d\u00ed DE\" width=\"300\" height=\"58\" srcset=\"https:\/\/hotel-kgm.cz\/wp-content\/uploads\/s_andelskou_peci_pruhledne_de-300x58.png 300w, https:\/\/hotel-kgm.cz\/wp-content\/uploads\/s_andelskou_peci_pruhledne_de-680x133.png 680w, https:\/\/hotel-kgm.cz\/wp-content\/uploads\/s_andelskou_peci_pruhledne_de.png 683w\" sizes=\"(max-width: 300px) 100vw, 300px\" \/>[\/vc_column_text][\/vc_column_inner][\/vc_row_inner][vc_separator color=&#8220;chino&#8220; align=&#8220;align_left&#8220; border_width=&#8220;2&#8243;][\/vc_column][\/vc_row][vc_row disable_element=&#8220;yes&#8220;][vc_column][vc_empty_space height=&#8220;22px&#8220;][\/vc_column][\/vc_row][vc_row disable_element=&#8220;yes&#8220; overlay_color=&#8220;rgba(0,0,0,0.01)&#8220;][vc_column][vc_column_text css=&#8220;&#8220;]\n<h3 style=\"text-align: center;\"><span style=\"color: #c00000;\">BEIM FR\u00dcH-KAUF &#8211; SONDERRABATT!<\/span><\/h3>\n<p style=\"text-align: center;\"><span style=\"color: #800000; font-size: 18pt;\">Early booking \u2013 Rabbat 10&nbsp;%<\/span><br \/>\n<span style=\"font-size: 18pt;\">Bei Bezahlung eines Aufenthaltes von min. 60 Tage vor Anreise<\/span><\/p>\n<p style=\"text-align: center;\"><span style=\"color: #800000; font-size: 18pt;\">Early booking \u2013 Rabbat 15&nbsp;%<\/span><br \/>\n<span style=\"font-size: 18pt;\">Bei Bezahlung eines Aufenthaltes von min. 90 Tage vor Anreise<\/span><\/p>\n[\/vc_column_text][vc_empty_space][\/vc_column][\/vc_row][vc_row disable_element=&#8220;yes&#8220; overlay_color=&#8220;rgba(0,0,0,0.01)&#8220;][vc_column][vc_column_text css=&#8220;&#8220;]\n<h2><span style=\"color: #c00000;\">Silvester-Heilung<\/span><\/h2>\n<h3><a href=\"https:\/\/hotel-kgm.cz\/de\/leceni-de\/komplexni-lazenska-lecba-de\/\" target=\"_blank\" rel=\"noopener\">Komplexe Karlsbader Kurbehandlung<\/a> im <a href=\"https:\/\/hotel-kgm.cz\/de\/ostatni-de\/vanoce-de\/novorocni-galerie-de\/\" target=\"_blank\" rel=\"noopener\">Neujahrs \u2026<\/a><\/h3>\n[\/vc_column_text][vc_row_inner][vc_column_inner width=&#8220;2\/3&#8243;][vc_column_text css=&#8220;&#8220;]\n<h3>6 N\u00e4chte \/ 7 Tage<\/h3>\n<p><em>Anreise der G\u00e4ste nach Ihrer Wahl: ab 26.12.2025.<\/em><\/p>\n<h3 class=\"toggle-title\">AUFENTHALT INKLUSIVE:<\/h3>\n<div class=\"su-list\" style=\"margin-left:0px\">\n<ul>\n<li><i class=\"sui sui-circle\" style=\"color:#AC8B51\"><\/i> <span style=\"text-decoration: underline;\"><strong><a href=\"https:\/\/hotel-kgm.cz\/de\/pokoje-de\/\" target=\"_blank\" rel=\"noopener\">Unterkunft<\/a><\/strong><\/span> + <strong><a href=\"https:\/\/hotel-kgm.cz\/de\/restaurace-de\/grand-restaurant-de\/\" target=\"_blank\" rel=\"noopener\"><span style=\"text-decoration: underline;\">Halbpension<\/span><\/a><\/strong><\/li>\n<li><i class=\"sui sui-circle\" style=\"color:#AC8B51\"><\/i> Die Verpflegung beinhaltet auch Di\u00e4t- und vegetarische Ern\u00e4hrung<\/li>\n<li><i class=\"sui sui-circle\" style=\"color:#AC8B51\"><\/i> Tee, Kaffee, Alkoholfreigetr\u00e4nke kostenlos (zum Fr\u00fchst\u00fcck, Mittag- oder Abendessen)<\/li>\n<li><i class=\"sui sui-circle\" style=\"color:#AC8B51\"><\/i> \u00c4rztliche Eingangsuntersuchung mit 15 ProzedurenVerschreibung<\/li>\n<li><i class=\"sui sui-circle\" style=\"color:#AC8B51\"><\/i> Verordnung von Karlsb\u00e4der-Mineralwasser durch einen Arzt<\/li>\n<li><i class=\"sui sui-circle\" style=\"color:#AC8B51\"><\/i> 1x Silvesterabend mit Programm ab 20 Uhr.<br \/>\nSilvester Bankett \u2013 <a href=\"https:\/\/hotel-kgm.cz\/wp-content\/uploads\/Silvestr-menu-DJ-2024.pdf\" target=\"_blank\" rel=\"noopener\"><span style=\"text-decoration: underline;\"><strong>MENU 2024 hier<\/strong><\/span><\/a>, Reproduzierte Musik,<br \/>\ntancen, k\u00fcnstlerische Auftritte, Grosse Auslosung<br \/>\nf\u00fcr Aufenthalte und Dienstleistungen<\/li>\n<li><i class=\"sui sui-circle\" style=\"color:#AC8B51\"><\/i> 1x Eintritt f\u00fcr 2 Stunden in Hallenbadkomplex vom Elisabethbad<br \/>\n(STADTZENTRALBAD an der Adresse -Smetanovy sady 1145\/1)<\/li>\n<li><i class=\"sui sui-circle\" style=\"color:#AC8B51\"><\/i> Bademantel, Hausschuhe und Regenschirm sind im Zimmer vorhanden<\/li>\n<li><i class=\"sui sui-circle\" style=\"color:#AC8B51\"><\/i> Kostenlose Nutzung der Sauna (trocken, Dampf, Infrarot), des Whirlpools und Fitness-Ger\u00e4te direkt im Hotel<\/li>\n<\/ul>\n<\/div>[\/vc_column_text][\/vc_column_inner][vc_column_inner width=&#8220;1\/3&#8243; css=&#8220;.vc_custom_1522138238838{padding-right: 60px !important;}&#8220;][vc_empty_space height=&#8220;12px&#8220;][vc_single_image image=&#8220;26943&#8243; img_size=&#8220;full&#8220; css=&#8220;&#8220;][\/vc_column_inner][\/vc_row_inner][\/vc_column][\/vc_row][vc_row disable_element=&#8220;yes&#8220;][vc_column][vc_column_text css=&#8220;&#8220;]Den Weihnachtsbonus im Gesundheitszentrum (Therapie) abholen[\/vc_column_text][\/vc_column][\/vc_row][vc_row disable_element=&#8220;yes&#8220;][vc_column][vc_column_text css=&#8220;&#8220;]\n<table style=\"border-collapse: collapse; width: 100%; height: 168px;\">\n<tbody>\n<tr style=\"height: 24px;\">\n<td style=\"width: 26.2157%; height: 24px; text-align: center;\"><strong>PREISLISTE <em>(Preise sind in EUR, pro 1 Person f\u00fcr den ganzen Aufenthalt)<\/em><br \/>\n<\/strong><em>Anreise der G\u00e4ste nach Ihrer Wahl: ab 19.12.2025.<\/em><\/td>\n<td style=\"width: 1.70547%; text-align: center; height: 24px;\"><\/td>\n<\/tr>\n<tr style=\"height: 24px;\">\n<td style=\"width: 26.2157%; height: 24px;\"><strong>Einzelzimmer<\/strong><\/td>\n<td style=\"width: 1.70547%; text-align: center; height: 24px;\"><strong>938,-<\/strong><\/td>\n<\/tr>\n<tr style=\"height: 24px;\">\n<td style=\"width: 26.2157%; height: 24px;\"><strong>Zweibettzimmer<\/strong><\/td>\n<td style=\"width: 1.70547%; text-align: center; height: 24px;\"><strong>842,-<\/strong><\/td>\n<\/tr>\n<tr style=\"height: 24px;\">\n<td style=\"width: 26.2157%; height: 24px;\"><strong>Dreibettzimmer<\/strong><\/td>\n<td style=\"width: 1.70547%; text-align: center; height: 24px;\"><strong>842,-<\/strong><\/td>\n<\/tr>\n<tr style=\"height: 24px;\">\n<td style=\"width: 26.2157%; height: 24px;\"><strong>Suite<\/strong> (min. 2 Personen)<\/td>\n<td style=\"width: 1.70547%; text-align: center; height: 24px;\"><strong>938,-<\/strong><\/td>\n<\/tr>\n<tr style=\"height: 24px;\">\n<td style=\"width: 26.2157%; height: 24px;\"><strong>Suite mit Erkerfenster<\/strong> (min. 2 Personen)<\/td>\n<td style=\"width: 1.70547%; text-align: center; height: 24px;\"><strong>968,-<\/strong><\/td>\n<\/tr>\n<tr style=\"height: 24px;\">\n<td style=\"width: 26.2157%; height: 24px;\"><strong>FESTIVAL Wohnung<\/strong> (min. 2 Personen)<\/td>\n<td style=\"width: 1.70547%; text-align: center; height: 24px;\"><strong>842,-<\/strong><\/td>\n<\/tr>\n<\/tbody>\n<\/table>\n[\/vc_column_text][vc_column_text css=&#8220;&#8220;]\n<ul>\n<li>Aufenthaltsgeb\u00fchr: ca. 2,- EUR \/ Person \/ Nacht \u2013 Zahlung bei der Ankunft an der Rezeption des Hotels<\/li>\n<li>Zuschlag f\u00fcr Vollpension: 20,- EUR \/ Person \/ Nacht<\/li>\n<\/ul>\n[\/vc_column_text][\/vc_column][\/vc_row][vc_row disable_element=&#8220;yes&#8220;][vc_column width=&#8220;1\/3&#8243;][vc_btn title=&#8220;ANFRAGE FORMULAR&#8220; shape=&#8220;square&#8220; color=&#8220;chino&#8220; size=&#8220;lg&#8220; align=&#8220;center&#8220; css=&#8220;&#8220; button_block=&#8220;true&#8220; link=&#8220;url:https%3A%2F%2Fhotel-kgm.cz%2Fde%2Frezervace-vanoce-de%2F|title:Pokoje&#8220;][\/vc_column][vc_column width=&#8220;1\/3&#8243;][vc_btn title=&#8220;MEHR INFORMATIONEN&#8220; shape=&#8220;square&#8220; color=&#8220;chino&#8220; size=&#8220;lg&#8220; align=&#8220;center&#8220; button_block=&#8220;true&#8220; link=&#8220;url:https%3A%2F%2Fhotel-kgm.cz%2Fwp-content%2Fuploads%2FKGMcenik-2020_DE.pdf|title:Pokoje|target:_blank&#8220;][\/vc_column][vc_column width=&#8220;1\/3&#8243;][vc_btn title=&#8220;KONTAKT ZUM BETREIBER&#8220; shape=&#8220;square&#8220; color=&#8220;chino&#8220; size=&#8220;lg&#8220; align=&#8220;center&#8220; button_block=&#8220;true&#8220; link=&#8220;url:https%3A%2F%2Fhotel-kgm.cz%2Fde%2Fkontakt-de%2F%23obchodni_oddeleni|title:Pokoje&#8220;][\/vc_column][\/vc_row][vc_row full_width=&#8220;stretch_row&#8220; equal_height=&#8220;yes&#8220; overlay_color=&#8220;rgba(0,0,0,0.01)&#8220; css=&#8220;.vc_custom_1511302591026{padding-top: 20px !important;padding-bottom: 30px !important;}&#8220;][vc_column][vc_empty_space height=&#8220;22px&#8220;][\/vc_column][\/vc_row][vc_row full_width=&#8220;stretch_row&#8220; equal_height=&#8220;yes&#8220; overlay_color=&#8220;rgba(0,0,0,0.01)&#8220; css=&#8220;.vc_custom_1511302591026{padding-top: 20px !important;padding-bottom: 30px !important;}&#8220;][vc_column][vc_column_text css=&#8220;&#8220;]<strong><span style=\"color: #ac8b51;\"><span class=\"tlid-translation translation\" lang=\"de\"><span class=\"\" title=\"\">OKTOBER 2025<\/span><\/span><\/span><\/strong><\/p>\n<h2><span style=\"font-size: 36pt;\">Interview mit dem Direktor des Hotels KARLSBAD GRANDE MADONNA \u00fcber die ber\u00fchmte Direktorstorte, die er angeblich selbst backt.<\/span><\/h2>\n[\/vc_column_text][vc_separator color=&#8220;chino&#8220; align=&#8220;align_left&#8220; border_width=&#8220;2&#8243;][vc_row_inner][vc_column_inner][vc_empty_space height=&#8220;12px&#8220;][vc_column_text]\n<p style=\"text-align: center;\"><span style=\"font-size: 20px;\">Wer glaubt es oder nicht ? Lassen Sie uns versuchen, ihn direkt zu fragen und zu sehen, was er zusagen hat. <\/span><\/p>\n[\/vc_column_text][vc_empty_space height=&#8220;12px&#8220;][\/vc_column_inner][\/vc_row_inner][vc_row_inner][vc_column_inner width=&#8220;1\/2&#8243;][vc_column_text]<strong><img decoding=\"async\" class=\"alignright wp-image-22334\" src=\"https:\/\/hotel-kgm.cz\/wp-content\/uploads\/ram_marketing.png\" alt=\"\" width=\"100\" height=\"100\" \/><span style=\"color: #ac8b51;\">Petra Jungman (Marketingleiterin)<\/span><\/strong><\/p>\n<p><em>Herr Direktor, jedes Jahr gehen Sie pers\u00f6nlich mit einer feierlichen gro\u00dfen Neujahrtorte in die ausgel\u00f6schte Restauranthalle , nur im Licht der Wunderkerzen auf dieser Torte. Alle Werbematerialien sagen, da\u00df Sie es selbst machen. K\u00f6nnen Sie uns verraten, ob das wirklich der Fall ist?<\/em>[\/vc_column_text][vc_column_text]<span style=\"color: #ac8b51;\"><strong><img decoding=\"async\" class=\"alignright wp-image-22340\" src=\"https:\/\/hotel-kgm.cz\/wp-content\/uploads\/ram_reditel.png\" alt=\"\" width=\"100\" height=\"100\" \/><span style=\"color: #5e5442;\">Kv\u011btoslav Navr\u00e1til (Hoteldirektor)<\/span><\/strong><\/span><\/p>\n<p>Ja, ich muss zugeben, da\u00df dies die heilige Wahrrheit ist, vom Anfang bis zum letzten kunstvollen St\u00fcck auf der Torte, das ich selbst mache, seit 2004, also seit ich mein Amt des Direktors angetreten habe.[\/vc_column_text][vc_column_text css=&#8220;&#8220;]<strong><img decoding=\"async\" class=\"alignright wp-image-22334\" src=\"https:\/\/hotel-kgm.cz\/wp-content\/uploads\/ram_marketing.png\" alt=\"\" width=\"100\" height=\"100\" \/><span style=\"color: #ac8b51;\">Petra Jungman (Marketingleiterin)<\/span><\/strong><\/p>\n<p><em>Dieses Jahr bringen Sie zum 21. Mal die Neujahrstorte in den vollen Saal \u2026 werden Sie endlich das ber\u00fchmte Rezept verraten?<\/em>[\/vc_column_text][vc_single_image image=&#8220;22326&#8243; img_size=&#8220;full&#8220; alignment=&#8220;center&#8220;][\/vc_column_inner][vc_column_inner width=&#8220;1\/2&#8243;][vc_column_text]<strong><span style=\"color: #ac8b51;\"><img decoding=\"async\" class=\"alignright wp-image-22340\" src=\"https:\/\/hotel-kgm.cz\/wp-content\/uploads\/ram_reditel.png\" alt=\"\" width=\"100\" height=\"100\" \/><span style=\"color: #5e5442;\">Kv\u011btoslav Navr\u00e1til (Hoteldirektor)<\/span><\/span><\/strong><\/p>\n<p>Das kann ich wirklich nicht. Ich mache die Torte nach einem alten Familienrezept und ich halte bestimmte Rituale in seiner Schaffung, um seine St\u00e4rke und Charme au\u00dfergew\u00f6hnliche magische Nacht am letzten Tag des Jahres zu haben, w\u00e4hrend neue hoffnungsvolle Erwartungen und s\u00fc\u00df gute erste Minuten des neuen Jahres begr\u00fc\u00dfen.<\/p>\n<p>Alles, was ich enth\u00fcllen kann, ist, da\u00df die Vorbereitung und das erste Brechen von Eiern an einem bestimmten Tag und zu genau einer bestimmten Stunde beginnen mu\u00df, aber ich werde weder verraten, am welchem Tag es ist, noch zu welcher Zeit ich beginne, auch nur streng allein, ohne die Hilfe anderer Konditoren.[\/vc_column_text][vc_column_text css=&#8220;&#8220;]<strong><img decoding=\"async\" class=\"alignright wp-image-22334\" src=\"https:\/\/hotel-kgm.cz\/wp-content\/uploads\/ram_marketing.png\" alt=\"\" width=\"100\" height=\"100\" \/><span style=\"color: #ac8b51;\">Petra Jungman (Marketingleiterin)<\/span><\/strong><\/p>\n<p><em>Wie wird es dieses Jahr 2025 aussehen? Planen Sie etwas Neues?<\/em><\/p>\n[\/vc_column_text][vc_column_text]<strong><span style=\"color: #ac8b51;\"><img decoding=\"async\" class=\"alignright wp-image-22340\" src=\"https:\/\/hotel-kgm.cz\/wp-content\/uploads\/ram_reditel.png\" alt=\"\" width=\"100\" height=\"100\" \/><span style=\"color: #5e5442;\">Kv\u011btoslav Navr\u00e1til (Hoteldirektor)<\/span><\/span><\/strong><\/p>\n<p>Wir versuchen immer, die Tradition beizubehalten, f\u00fcgen aber gleichzeitig auch jedes Jahr eine kleine Vorgabe mit einer \u00dcberraschung hinzu, insbesondere f\u00fcr die Kinder, die wie jedes Jahr beim Zuschneiden mithelfen und sich mit mir fotografieren. Es ist bereits ein s\u00fc\u00dfer Silvesterfest, auf das wir uns alle freuen.[\/vc_column_text][vc_column_text]<strong><img decoding=\"async\" class=\"alignright wp-image-22334\" src=\"https:\/\/hotel-kgm.cz\/wp-content\/uploads\/ram_marketing.png\" alt=\"\" width=\"100\" height=\"100\" \/><span style=\"color: #ac8b51;\">Petra Jungman (Marketingleiterin)<\/span><\/strong><\/p>\n<p><em>Vielen Dank f\u00fcr Ihre Zeit und ich w\u00fcnsche mir, da\u00df die diesj\u00e4hrige Torte ein guter war und alle G\u00e4ste es sehr genossen haben.<br \/>\n<\/em>[\/vc_column_text][\/vc_column_inner][\/vc_row_inner][vc_separator color=&#8220;chino&#8220; border_width=&#8220;2&#8243;][vc_row_inner][vc_column_inner][vc_gallery type=&#8220;image_grid&#8220; images=&#8220;22238,22244,22250,22256,22262,5427,22280,22286,22292,22298,22310,22316&#8243; img_size=&#8220;194&#215;180&#8243; onclick=&#8220;img_link_large&#8220;][\/vc_column_inner][\/vc_row_inner][\/vc_column][\/vc_row]\n<\/div>","protected":false},"excerpt":{"rendered":"<p>[vc_row full_width=&#8220;stretch_row&#8220; equal_height=&#8220;yes&#8220; overlay_color=&#8220;rgba(0,0,0,0.01)&#8220; css=&#8220;.vc_custom_1727700454998{padding-bottom: 30px !important;background-image: url(https:\/\/hotel-kgm.cz\/wp-content\/uploads\/gobelin3.jpg?id=3653) !important;}&#8220;][vc_column][vc_row_inner content_placement=&#8220;middle&#8220;][vc_column_inner  [&#8230;]<\/p>\n","protected":false},"author":1,"featured_media":0,"parent":5607,"menu_order":0,"comment_status":"closed","ping_status":"closed","template":"","meta":{"iawp_total_views":507,"footnotes":""},"class_list":["post-5792","page","type-page","status-publish","hentry"],"aioseo_notices":[],"_links":{"self":[{"href":"https:\/\/hotel-kgm.cz\/de\/wp-json\/wp\/v2\/pages\/5792","targetHints":{"allow":["GET"]}}],"collection":[{"href":"https:\/\/hotel-kgm.cz\/de\/wp-json\/wp\/v2\/pages"}],"about":[{"href":"https:\/\/hotel-kgm.cz\/de\/wp-json\/wp\/v2\/types\/page"}],"author":[{"embeddable":true,"href":"https:\/\/hotel-kgm.cz\/de\/wp-json\/wp\/v2\/users\/1"}],"replies":[{"embeddable":true,"href":"https:\/\/hotel-kgm.cz\/de\/wp-json\/wp\/v2\/comments?post=5792"}],"version-history":[{"count":68,"href":"https:\/\/hotel-kgm.cz\/de\/wp-json\/wp\/v2\/pages\/5792\/revisions"}],"predecessor-version":[{"id":40994,"href":"https:\/\/hotel-kgm.cz\/de\/wp-json\/wp\/v2\/pages\/5792\/revisions\/40994"}],"up":[{"embeddable":true,"href":"https:\/\/hotel-kgm.cz\/de\/wp-json\/wp\/v2\/pages\/5607"}],"wp:attachment":[{"href":"https:\/\/hotel-kgm.cz\/de\/wp-json\/wp\/v2\/media?parent=5792"}],"curies":[{"name":"wp","href":"https:\/\/api.w.org\/{rel}","templated":true}]}}